{"id":10,"date":"2012-07-29T14:25:00","date_gmt":"2012-07-29T12:25:00","guid":{"rendered":"http:\/\/mkstein.de\/wp\/?page_id=10"},"modified":"2023-03-09T11:16:41","modified_gmt":"2023-03-09T09:16:41","slug":"bucher","status":"publish","type":"page","link":"https:\/\/mkstein.de\/wp\/?page_id=10","title":{"rendered":"B\u00fccher"},"content":{"rendered":"<p>B\u00fccher kaufen ist nat\u00fcrlich am sch\u00f6nsten im Lieblingsbuchladen. In Berlin sind meine:<br \/>\n<a href=\"https:\/\/prinz-eisenherz.buchkatalog.de\/\" target=\"_blank\" rel=\"noopener\">Prinz Eisenherz<\/a>, <a href=\"https:\/\/www.buchkantine.de\/\" target=\"_blank\" rel=\"noopener\">Buchkantine<\/a>, <a href=\"https:\/\/www.otherland-berlin.de\/de\/\" target=\"_blank\" rel=\"noopener\">Otherland<\/a>.<br \/>\nAber manchmal muss ja auch unbedingt ein Buch her, wenn alle Buchl\u00e4den geschlossen haben und dann geht es doch zum Online-Shopping &#8230; entweder bei den schon genannten Buchl\u00e4den oder bei:<br \/>\n<a href=\"https:\/\/shop.autorenwelt.de\/\" target=\"_blank\" rel=\"noopener\">Autorenwelt<\/a> und <a href=\"https:\/\/www.fembooks.de\/Startseite\" target=\"_blank\" rel=\"noopener\">fembooks<\/a>. Eine weitere sch\u00f6ne Alternative in Buchl\u00e4den im eigenen Ort zu bestellen ist: <a href=\"https:\/\/www.genialokal.de\/\" target=\"_blank\" rel=\"noopener\">genial lokal<\/a><\/p>\n<p>Hier noch ein paar Buchtipps &#8230; \ud83d\ude09<\/p>\n<p><strong>************************************2022***************************************************<\/strong><\/p>\n<p><a href=\"http:\/\/mkstein.de\/wp\/wp-content\/uploads\/2022\/02\/Das-magische-Fundb\u00fcro-klein.jpg\"><img decoding=\"async\" loading=\"lazy\" class=\"alignleft size-full wp-image-988\" src=\"http:\/\/mkstein.de\/wp\/wp-content\/uploads\/2022\/02\/Das-magische-Fundb\u00fcro-klein.jpg\" alt=\"\" width=\"430\" height=\"608\" srcset=\"https:\/\/mkstein.de\/wp\/wp-content\/uploads\/2022\/02\/Das-magische-Fundb\u00fcro-klein.jpg 430w, https:\/\/mkstein.de\/wp\/wp-content\/uploads\/2022\/02\/Das-magische-Fundb\u00fcro-klein-212x300.jpg 212w\" sizes=\"(max-width: 430px) 100vw, 430px\" \/><\/a><\/p>\n<p>Neues Jahr, neues Buch! &#8222;<a href=\"https:\/\/www.harpercollins.de\/products\/das-magische-fundburo-9783505150265\" target=\"_blank\" rel=\"noopener\">Das magische Fundb\u00fcro<\/a>&#8220;<\/p>\n<p>Magie, Drachen, ein Labyrinth, fantastische Wesen und verzauberte Gegenst\u00e4nde:<\/p>\n<p>Ein Phantastik-Roman f\u00fcr Menschen ab 8 Jahren.<\/p>\n<p><strong>ab sofort im Handel:<\/strong><br \/>\n<a href=\"https:\/\/shop.autorenwelt.de\/products\/das-magische-fundburo-von-maike-stein?utm_source=sendgrid.com&amp;utm_medium=email&amp;utm_campaign=website\" target=\"_blank\" rel=\"noopener\">Das magische Fundb\u00fcro <\/a><\/p>\n<p class=\"western\">Finja glaubt nicht an Drachen. Aber Kapit\u00e4n Bruno hat sie noch nie angelogen. Als er sagt, in seiner K\u00fcche ist ein Drache geschl\u00fcpft und dann verschwunden, verspricht Finja sofort, bei der Suche zu helfen. Doch dann wird sie von etwas noch Unglaublicherem abgelenkt: Sie hat Magie! Ihre Familie geh\u00f6rt zu den Magischen, und hinter einer Geheimt\u00fcr im Antiquit\u00e4tengesch\u00e4ft ihrer Eltern verbirgt sich eine magische Welt voller verzauberter Gegenst\u00e4nde und fantastischer Wesen. Vielleicht existieren Drachen ja doch \u2026<\/p>\n<p align=\"left\"><span style=\"color: #00000a;\"><span style=\"font-family: LiberationSerif, serif;\"><span style=\"font-size: medium;\"><i>&#8222;Das magische Fundb\u00fcro&#8220; kann ich nur w\u00e4rmstens empfehlen! Ein spannendes, kluges und sprachlich sehr sch\u00f6n geschriebenes Kinderbuch mit interessanten Figuren &#8211; und interessanten Konflikten. \u2026 Schade, dass das Buch schon ausgelesen ist! Bleibt nur die Frage meines Sohnes: &#8222;Mama, wann kommt Band 2 vom magischen Fundb\u00fcro?&#8220;<br \/>\n<\/i><\/span><\/span><\/span><span style=\"color: #00000a;\"><span style=\"font-family: LiberationSerif, serif;\"><span style=\"font-size: medium;\">(<a href=\"https:\/\/www.lisamariedickreiter.de\/\" target=\"_blank\" rel=\"noopener\">Lisa-Marie Dickreiter<\/a>)<\/span><\/span><\/span><\/p>\n<p>Wolf vom Otherland Buchladen in Berlin hat mit mir ein <a href=\"https:\/\/www.otherland-berlin.de\/de\/news-details\/das-magische-fundbuero-interview-mit-autorin-maike-stein.html\" target=\"_blank\" rel=\"noopener\">Interview<\/a> zum Buch gemacht!<\/p>\n<p><a href=\"http:\/\/mkstein.de\/wp\/wp-content\/uploads\/2023\/03\/phantastischerMontagCover.png\"><img decoding=\"async\" loading=\"lazy\" class=\"alignleft size-full wp-image-1227\" src=\"http:\/\/mkstein.de\/wp\/wp-content\/uploads\/2023\/03\/phantastischerMontagCover.png\" alt=\"\" width=\"238\" height=\"373\" srcset=\"https:\/\/mkstein.de\/wp\/wp-content\/uploads\/2023\/03\/phantastischerMontagCover.png 238w, https:\/\/mkstein.de\/wp\/wp-content\/uploads\/2023\/03\/phantastischerMontagCover-191x300.png 191w\" sizes=\"(max-width: 238px) 100vw, 238px\" \/><\/a><\/p>\n<p>Seit M\u00e4rz 2022 endlich auch in Buchform erh\u00e4ltlich: die Kurzgeschichten des phantastischen Montags! Das <a href=\"http:\/\/mkstein.de\/wp\/?page_id=853\" target=\"_blank\" rel=\"noopener\">Schreibprojekt<\/a> riefen 2019 einige Kolleg:innen und ich ins Leben, und nun gibt es den ersten Band voller phantastischer Montage auch offline zu lesen &#8222;Phantastischer Montag &#8211; Band 1: Kuriose Kalendertage&#8220;.<\/p>\n<p>An den weiteren B\u00e4nden wird noch gearbeitet, wir ver\u00f6ffentlichen seit 2020 kontinuierlich die phantastischen Kurzgeschichten, zu finden immer montags auf unseren diversen Kan\u00e4len (auch hier<a href=\"http:\/\/mkstein.de\/wp\/?page_id=1144\" target=\"_blank\" rel=\"noopener\">http:\/\/mkstein.de\/wp\/?page_id=1144<\/a> bei mir).<\/p>\n<p>Viel Spa\u00df beim Lesen!<\/p>\n<p><strong>*********************************2021*******************************************************<\/strong><\/p>\n<p><a href=\"http:\/\/mkstein.de\/wp\/wp-content\/uploads\/2021\/07\/Muskeltiere-Serie02.jpg\"><img decoding=\"async\" loading=\"lazy\" class=\"alignleft size-full wp-image-908\" src=\"http:\/\/mkstein.de\/wp\/wp-content\/uploads\/2021\/07\/Muskeltiere-Serie02.jpg\" alt=\"\" width=\"195\" height=\"273\"><\/a>Vorlesebuch ab 8 Jahren (oder auch zum Selbstlesen!)<br \/>\n<strong>Band 2 zur TV-Serie:<\/strong><\/p>\n<p>Neue Abenteuer mit den Muskeltieren!<\/p>\n<p>Pomme de Terre, der Abenteurer, Picandou, der Genie\u00dfer, Hamster Bertram, der edle Held, und Gruy\u00e8re, die kluge Laborratte &#8211; das sind die Muskeltiere! Zusammen k\u00e4mpfen die vier gegen alle B\u00f6sewichte, die das Hafenviertel und seine Bewohner unsicher machen: allen voran der fiese Rattila und seine Rattenmafia. Doch auch der gierige Hafenkater C\u00e4sar hat \u00fcble Pl\u00e4ne &#8211; und so beginnt f\u00fcr alle ein sehr gef\u00e4hrliches Katz-und-Maus-Spiel.<br \/>\nMit Mut und Herz riskieren die Muskeltiere alles, um ihren Freunden zu helfen: Einer f\u00fcr alle und alle f\u00fcr einen!<\/p>\n<p>Acht spannende, actiongeladene Geschichten zum Vorlesen und Selbstlesen, basierend auf den Episoden der beliebten TV-Serie.<\/p>\n<p>Erschienen am 26. Juli 2021<br \/>\nbei <a href=\"https:\/\/www.penguinrandomhouse.de\/Buch\/Die-Muskeltiere-Einmal-Held-sein\/Maike-Stein\/cbj-Kinderbuecher\/e582307.rhd\" target=\"_blank\" rel=\"noopener\">cbj<\/a><\/p>\n<p><a href=\"http:\/\/mkstein.de\/wp\/wp-content\/uploads\/2021\/07\/Muskeltiere-Serie01.jpg\"><img decoding=\"async\" loading=\"lazy\" class=\"alignleft size-full wp-image-907\" src=\"http:\/\/mkstein.de\/wp\/wp-content\/uploads\/2021\/07\/Muskeltiere-Serie01.jpg\" alt=\"\" width=\"195\" height=\"273\"><\/a>Vorlesebuch ab 8 Jahren (oder auch zum Selbstlesen!)<br \/>\n<strong>Band 1 zur TV-Serie:<\/strong><\/p>\n<p>Pomme de Terre, der Abenteurer, Picandou, der Genie\u00dfer, Hamster Bertram, der edle Held, und Gruy\u00e8re, die kluge Laborratte &#8211; das sind die Muskeltiere! Zusammen k\u00e4mpfen die vier gegen alle B\u00f6sewichte, die das Hafenviertel und seine Bewohner unsicher machen: allen voran der fiese Rattila und seine Rattenmafia. Mit Mut und Herz riskieren die Muskeltiere alles: Einer f\u00fcr alle und alle f\u00fcr einen!<\/p>\n<p>Acht spannende, actiongeladene Geschichten zum Vorlesen und Selbstlesen, basierend auf den Episoden der beliebten TV-Serie.<\/p>\n<p>Erschienen am 26. Juli 2021<br \/>\nbei <a href=\"https:\/\/www.penguinrandomhouse.de\/Buch\/Die-Muskeltiere-Einigkeit-macht-stark\/Maike-Stein\/cbj-Kinderbuecher\/e582306.rhd\" target=\"_blank\" rel=\"noopener\">cbj<\/a><\/p>\n<p><strong>********************************2020*********************************************************<\/strong><\/p>\n<p><a href=\"http:\/\/mkstein.de\/wp\/wp-content\/uploads\/2020\/09\/02-klein-Erben-der-Nacht-Licht-Schatten.jpg\"><img decoding=\"async\" loading=\"lazy\" class=\"alignleft size-full wp-image-778\" src=\"http:\/\/mkstein.de\/wp\/wp-content\/uploads\/2020\/09\/02-klein-Erben-der-Nacht-Licht-Schatten.jpg\" alt=\"\" width=\"300\" height=\"476\" srcset=\"https:\/\/mkstein.de\/wp\/wp-content\/uploads\/2020\/09\/02-klein-Erben-der-Nacht-Licht-Schatten.jpg 300w, https:\/\/mkstein.de\/wp\/wp-content\/uploads\/2020\/09\/02-klein-Erben-der-Nacht-Licht-Schatten-189x300.jpg 189w\" sizes=\"(max-width: 300px) 100vw, 300px\" \/><\/a><\/p>\n<p><strong>Band 2<\/strong> der Reihe zur TV-Serie und Fortsetzung von &#8222;Die Erben der Nacht &#8211; Draculas Erwachen&#8220;, die mit dem <a href=\"https:\/\/stiftunglesen.de\/informieren\/preise-und-auszeichnungen\/der-lesekompass\/lesekompass-2021-titel-10-14-jahre#jmIndex5\" target=\"_blank\" rel=\"noopener\">Lesekompass 2021<\/a> ausgezeichnet wurde.<\/p>\n<p>Nach dem Kampf gegen die Rotmasken bleibt den Erben nur kurz Zeit zur Erholung, bevor sie erneut den Kampf aufnehmen m\u00fcssen. Und Graf Dracula erweist sich als ein noch gef\u00e4hrlicherer und gerissener Gegner als alle Rotmasken gemeinsam. Auch van Helsing, der gef\u00e4hrlichste Vampirj\u00e4ger von allen, spielt sein eigenes Spiel und kommt den Erben in die Quere.<\/p>\n<p>Leo wird entf\u00fchrt, und Alisa muss sich entscheiden: Bleibt sie ihrer Mission treu, Dracula davon abzuhalten, die Tore zum Totenreich zu \u00f6ffnen und alle Menschen zu Schattenvampiren zu machen, die ihm untertan w\u00e4ren &#8211; oder rettet sie Leo?<\/p>\n<p>Ivy wiederum erf\u00e4hrt eine Verwandlung, die noch nie ein Vampir erfahren hat &#8211; und entdeckt eine unerwartete Liebe &#8230;<\/p>\n<p>erschienen am 14. Dezember 2020<\/p>\n<p><a href=\"http:\/\/mkstein.de\/wp\/wp-content\/uploads\/2020\/09\/01-klein3-Erben-Der-Nacht-Erwachen.png\"><img decoding=\"async\" loading=\"lazy\" class=\"alignleft size-full wp-image-775\" src=\"http:\/\/mkstein.de\/wp\/wp-content\/uploads\/2020\/09\/01-klein3-Erben-Der-Nacht-Erwachen.png\" alt=\"\" width=\"300\" height=\"461\" srcset=\"https:\/\/mkstein.de\/wp\/wp-content\/uploads\/2020\/09\/01-klein3-Erben-Der-Nacht-Erwachen.png 300w, https:\/\/mkstein.de\/wp\/wp-content\/uploads\/2020\/09\/01-klein3-Erben-Der-Nacht-Erwachen-195x300.png 195w\" sizes=\"(max-width: 300px) 100vw, 300px\" \/><\/a><\/p>\n<p><strong>Ausgezeichnet mit dem Lesekompass 2021<\/strong><\/p>\n<p><a href=\"https:\/\/stiftunglesen.de\/informieren\/preise-und-auszeichnungen\/der-lesekompass\/lesekompass-2021-titel-10-14-jahre#jmIndex5\" target=\"_blank\" rel=\"noopener\">O-Ton der Jury<\/a>: &#8222;Gelungene (Wieder-)Einstiegsdroge f\u00fcr lesefaule Teenies!&#8220;<\/p>\n<p>Ende des 19. Jahrhunderts haben sich die letzten Vampirclans \u00fcber ganz Europa verbreitet. Sie sind bis aufs Blut verfeindet, aber weil sie vom Aussterben bedroht sind, gibt es f\u00fcr sie nur eine M\u00f6glichkeit zu \u00fcberleben. Die letzten Erben eines jeden Clans m\u00fcssen gemeinsam ausgebildet werden, um die F\u00e4higkeiten aller Clans in sich zu vereinen. Eine der jungen Erben hat besondere Macht: Alisa hat als Einzige von ihnen ein menschliches Herz. Gefahr droht nicht nur von Vampirj\u00e4gern, sondern auch von Dracula, dem Urvater aller Clans \u2026<\/p>\n<p>erschienen: 12. Oktober 2020<\/p>\n<p>\u00bbIch mochte das sehr. [\u2026] Herrlich romantisch-d\u00fcster.\u00ab<br \/>\nRadio Bremen \u00fcber \u00bbDie Erben der Nacht &#8211; Draculas Erwachen\u00ab (31. Oktober 2020)<\/p>\n<h2>********************************2019*********************************************************<\/h2>\n<p><a href=\"http:\/\/mkstein.de\/wp\/wp-content\/uploads\/2019\/09\/EinHalberSommer_klein.jpg\"><img decoding=\"async\" loading=\"lazy\" class=\"alignleft size-full wp-image-645\" src=\"http:\/\/mkstein.de\/wp\/wp-content\/uploads\/2019\/09\/EinHalberSommer_klein.jpg\" alt=\"\" width=\"635\" height=\"393\" srcset=\"https:\/\/mkstein.de\/wp\/wp-content\/uploads\/2019\/09\/EinHalberSommer_klein.jpg 635w, https:\/\/mkstein.de\/wp\/wp-content\/uploads\/2019\/09\/EinHalberSommer_klein-300x186.jpg 300w, https:\/\/mkstein.de\/wp\/wp-content\/uploads\/2019\/09\/EinHalberSommer_klein-485x300.jpg 485w\" sizes=\"(max-width: 635px) 100vw, 635px\" \/><\/a><\/p>\n<p>Roman, Oetinger (Hardcover), 2019<\/p>\n<p><strong>Was andere \u00fcber den Roman sagen:<\/strong><\/p>\n<p><a href=\"http:\/\/letteraturen.letterata.de\/2019\/11\/maike-stein-ein-halber-sommer\/\" target=\"_blank\" rel=\"noopener\">Letteraturen<\/a> (Ulrike Schimming):<\/p>\n<p><em>\u2026 Maike Stein hat mit Marie und Lennie zwei wunderbar liebenswerte Frauenfiguren erschaffen, die in ihrer Komplexit\u00e4t die Dramen des Lebens spiegeln und dadurch sehr viel Identifikationspotential liefern. \u2026 Die Figuren sind, so wie jeder von uns, in ihren eigenen Welten eingebettet und doch Teil des gro\u00dfen Ganzen. In diesem Fall ist es die Stadt Berlin in der hei\u00dfen Phase des kalten Krieges, die so quasi zur dritten Hauptfigur wird. \u2026 Mit gekonnt gesetzten Wendungen h\u00e4lt Maike Stein bei dieser queeren Liebesgeschichte die Spannung wirklich bis zur letzen Seite \u2026<\/em><\/p>\n<p><a href=\"https:\/\/www.instagram.com\/doppelpunkt\/?hl=de\" target=\"_blank\" rel=\"noopener\">Doppelpunkt:<\/a><\/p>\n<p><em>\u2026 der Roman gibt der deutsch-deutschen Geschichte zwei sehr greifbare Figuren, macht Geschichte sp\u00fcrbar und man fiebert bis zur letzten Seite f\u00fcr die beiden jungen Frauen mit!<\/em><\/p>\n<p><a href=\"https:\/\/www.spiegel.de\/kultur\/literatur\/kinderbuecher-zum-mauerfall-so-erklaeren-sie-ihren-kindern-geschichte-a-1294083.html\" target=\"_blank\" rel=\"noopener\">Spiegel online<\/a>:<\/p>\n<p><em>\u2026 eine Liebesgeschichte vor dem Hintergrund geschichtlicher Ereignisse. \u2026 spannend: Man will nat\u00fcrlich wissen, wie es f\u00fcr die beiden ausgeht &#8211; und fragt sich, was man selbst getan h\u00e4tte.<\/em><\/p>\n<p>Aus der Rezension der <a href=\"https:\/\/www.ajum.de\/\" target=\"_blank\" rel=\"noopener\"><span style=\"font-family: Courier New, monospace;\"><span style=\"font-size: medium;\">Arbeitsgemeinschaft Jugendliteratur und Medien der GEW:<\/span><\/span><\/a><\/p>\n<p align=\"left\"><em>\u2026 <\/em><span style=\"font-family: Courier New, monospace;\"><span style=\"font-size: medium;\"><em>Ein toller und mitrei\u00dfender Roman \u00fcber die politischen Umw\u00e4lzungen im Sommer 1961 in Berlin &#8211; anhand einer ebenso fesselnden Liebesgeschichte zwischen zwei jungen Frauen. Das Buch macht deutlich, dass weder die pers\u00f6nliche noch die politische Freiheit eine Selbstverst\u00e4ndlichkeit ist, sondern ein hohes und kostbares Gut. \u2026<\/em> <\/span><\/span><\/p>\n<p><a href=\"http:\/\/kulturblogberlin.de\/lesbischer-literatursalon\/\">Kulturblogberlin:<\/a><\/p>\n<p><em>\u2026 ein ber\u00fchrender Berlinroman, der in der Zeit des Mauerbaus spielt.<\/em><\/p>\n<p><a href=\"https:\/\/eltern-brauchen-vorlesen.de\/allgemein\/ein-halber-sommer\/\">Eltern brauchen vorlesen:<\/a><\/p>\n<p><em>\u2026 Der Roman ist sehr realistisch und emotional geschrieben. Eine Geschichte, die unter dem Zeichen der Vielseitigkeit steht und ans Herz geht. \u2026<\/em><\/p>\n<p><a href=\"https:\/\/lass-mal-lesen.blog\/ein-halber-sommer\/\">Lass-mal-lesen-Blog:<\/a><\/p>\n<p><em>\u2026 sehr spannendes Buch, das Einblicke in das Berlin des Jahres 1961 gibt und eine sch\u00f6ne Liebesgeschichte zwischen zwei M\u00e4dchen erz\u00e4hlt.<\/em><\/p>\n<p><a href=\"https:\/\/www.queer.de\/detail.php?article_id=34142\">Queer.de:<\/a><\/p>\n<p><em>\u2026 Maike Stein f\u00e4ngt die Stimmung der damaligen Zeit hervorragend ein und beschreibt eine Flucht, die so h\u00e4tte passieren k\u00f6nnen. \u2026<\/em><\/p>\n<p><a href=\"https:\/\/momsfavoritesandmore.de\/2019\/10\/22\/ein-halber-sommer-von-maike-stein\/\">momsfavoriteandmore<\/a> findet den Roman &#8222;wundervoll&#8220; und schreibt:<\/p>\n<p><em>&#8230; Ein Roman, der von der Liebe zweier M\u00e4dchen erz\u00e4hlt vor dem Hintergrund der deutsch-deutschen Vergangenheit. F\u00fcr \u201eEin halber Sommer\u201c vergebe ich die Note 1 \u2013 absolute Leseempfehlung.<\/em><\/p>\n<p><a href=\"http:\/\/mkstein.de\/wp\/wp-content\/uploads\/2019\/12\/Wut-Anthologie-e1575389305180.jpg\"><img decoding=\"async\" loading=\"lazy\" class=\"alignleft size-full wp-image-660\" src=\"http:\/\/mkstein.de\/wp\/wp-content\/uploads\/2019\/12\/Wut-Anthologie-e1575389305180.jpg\" alt=\"\" width=\"249\" height=\"350\"><\/a><\/p>\n<p>Eine Anthologie rund um das Thema &#8222;Wut&#8220; mit Kurzgeschichten, Songtexten, Berichten und Bildern.<\/p>\n<p>Beitr\u00e4ge von: Janet Clark, Zoran Drvenkar, Fritz Fassbinder, Alice Gabathuler, Agnes Hammer, Lisa Sophie Laurent, Manfred Theisen, Jochen Till, Maike Stein, Eric Wallis<\/p>\n<p>erschienen bei: <a href=\"https:\/\/www.loewe-verlag.de\/titel-0-0\/wut-9209\/\" target=\"_blank\" rel=\"noopener\">Loewe<\/a><\/p>\n<p>empfohlen ab 12 Jahren<\/p>\n<p><strong>Stimmen zum Buch:<\/strong><\/p>\n<p><a href=\"https:\/\/buecherbrise.de\/rezension-wut-eine-anthologie\" target=\"_blank\" rel=\"noopener\">B\u00fccherbrise:<\/a><\/p>\n<p><em>&#8230; beinhaltet mehrere Texte zum Thema Wut, die zeigen, wie viele Facetten es davon gibt. Es wird auf eindrucksvolle Weise gezeigt, was Wut erreichen kann. Ob positiv oder negativ. F\u00fcr mich ein sehr wichtiges Buch zu einem aktuellen Thema.<\/em><\/p>\n<p><a href=\"https:\/\/www.lizzynet.de\/wws\/9.php#\/wws\/wut-eine-anthologie.php?sid=26316817130810977857538963898750\" target=\"_blank\" rel=\"noopener\">LizzyNet:<\/a><\/p>\n<p><em>&#8230; Eine ganz klare Leseempfehlung f\u00fcr alle j\u00fcngeren Leser, die auch w\u00fctend werden und diese Wut in Mut verwandeln m\u00f6chten.<\/em><\/p>\n<p><a href=\"https:\/\/www.schmitzjunior.de\/?p=11296\" target=\"_blank\" rel=\"noopener\">Schmitz Junior:<\/a><\/p>\n<p><em>&#8230;&nbsp; Autoren zu bitten, zum Thema \u00bbWut\u00ab Beitr\u00e4ge zu schreiben, ist ein engagiertes und mutiges Unterfangen. In diesem Fall ist es auch \u00e4u\u00dferst lesenswert. &#8230; Ein Buch, das in der Schule eingesetzt werden sollte, um den Diskurs anzuregen, um gegen all die Wut gewappnet zu sein, die einem unvermittelt entgegenschlagen kann, und um Mut zu machen, sich dieser Wut in den Weg zu stellen.<\/em><\/p>\n<h2>********************************2017*********************************************************<\/h2>\n<h2><a href=\"http:\/\/mkstein.de\/wp\/wp-content\/uploads\/2012\/07\/herzleer_Oetinger_Cover-klein2.jpg\"><img decoding=\"async\" loading=\"lazy\" class=\"alignleft size-full wp-image-564\" src=\"http:\/\/mkstein.de\/wp\/wp-content\/uploads\/2012\/07\/herzleer_Oetinger_Cover-klein2.jpg\" alt=\"herzleer_Oetinger_Cover-klein2\" width=\"198\" height=\"296\"><\/a><strong>Anthogie mit Geschichten rund um eine letzte Nachricht der gro\u00dfen Liebe &#8211; aus dem Klappentext:<\/strong><\/h2>\n<p>&#8222;Der Abschied einer gro\u00dfen Liebe, verpasste Gelegenheiten, widrige Umst\u00e4nde \u2013 manchmal muss man geliebte Menschen gehen lassen, auch wenn man m\u00f6chte, dass sie bleiben. Acht atemberaubende Geschichten erz\u00e4hlen von intensiven Gef\u00fchlen, die wehtun und niemals vergehen. Was bleibt, ist die Sehnsucht nach mehr.\u201d<\/p>\n<p>Die Geschichte &#8222;Ein halber Sommer lang&#8220; spielt im Berliner Sommer 1961. Eigentlich will Helene, genannt Lennie, nur mit den Jungs Fu\u00dfball spielen. Dazu treffen sich die Jugendlichen aus den verschiedenen Berliner Sektoren regelm\u00e4\u00dfig, aber mitspielen darf sie als M\u00e4dchen bei den Jungs nur selten. Aber eines Tages kommt auch Marie zum Treff und Fu\u00dfball wird f\u00fcr Lennie pl\u00f6tzlich nebens\u00e4chlich &#8230;<\/p>\n<h2>*********************************2015********************************************************<\/h2>\n<p><a href=\"http:\/\/mkstein.de\/wp\/wp-content\/uploads\/2012\/07\/WSU_klein1.jpg\"><img decoding=\"async\" loading=\"lazy\" class=\"size-full wp-image-304 alignleft\" title=\"WSU_klein\" src=\"http:\/\/mkstein.de\/wp\/wp-content\/uploads\/2012\/07\/WSU_klein1.jpg\" alt=\"\" width=\"180\" height=\"274\"><\/a><\/p>\n<p><strong>Leska muss alle Welt anl\u00fcgen, weil Inken nicht will, dass irgendwer von ihrer Beziehung erf\u00e4hrt &#8211; doch kann das auf Dauer gutgehen?<\/strong><\/p>\n<p>Dass Valeska M\u00e4dchen liebt, ist kein Geheimnis. Ihre Familie und ihre Freunde wissen es, inzwischen sogar die ganze Klasse. Nun fehlt Valeska nur noch eins zum Gl\u00fcck: eine Freundin. Als sie Inken kennenlernt, scheint ihr Traum wahr zu werden. Denn aus einem Kuss beim Flaschendrehen wird mehr \u2013 echte Liebe. Doch Inken will ihre Beziehung um jeden Preis verbergen &#8230; <strong><a href=\"http:\/\/www.amazon.de\/Wir-sind-unsichtbar-Maike-Stein\/dp\/B00Y2WJ1KW\/ref=sr_1_1_twi_kin_2?s=books&amp;ie=UTF8&amp;qid=1448971171&amp;sr=1-1&amp;keywords=Wir+sind+unsichtbar\" target=\"_blank\" rel=\"noopener\">LESEPROBE<\/a><\/strong><\/p>\n<p>Das Buch wird als <strong>Schullekt\u00fcre<\/strong> empfohlen, interessierte Lehrkr\u00e4fte finden hier weitere Informationen: <a href=\"http:\/\/mkstein.de\/wp\/wp-content\/uploads\/2016\/05\/Info_Wir-sind-unsichtbar_MaikeStein.pdf\">Info_Wir-sind-unsichtbar_MaikeStein<\/a><\/p>\n<p><strong>Magali Heissler im Titel Kulturmagazin<\/strong>, 11.01.2016: &#8230;&#8220;gut erz\u00e4hlt, einfallsreich, witzig und gerade in der Figurengestaltung ausgezeichnet.&#8220; <a href=\"http:\/\/titel-kulturmagazin.net\/2016\/01\/11\/lawinengefahr\/\" target=\"_blank\" rel=\"noopener\">Mehr lesen<\/a><\/p>\n<p><strong>Siegess\u00e4ule, Roberto Manteufel, Ausgabe Januar 2016<\/strong>: &#8230;&#8220;Maike Stein hat hier ein wirklich tolles Buch hingelegt. Die Geschichte der beiden M\u00e4dchen erz\u00e4hlt sie in einem hochmodernen und extrem nahegehenden Ton&#8220; &#8230;<\/p>\n<p><strong>Ulrike Schimming, letteraturen<\/strong>, 28.12.2015: &#8230; \u201cMaike Stein schafft es mitrei\u00dfend, die zarte und zerbrechliche Gef\u00fchlswelt zweier Jugendlichen in Worte zu fassen.\u201d <a href=\"http:\/\/letteraturen.letterata.de\/2015\/12\/maike-stein-wir-sind-unsichtbar\/\" target=\"_blank\" rel=\"noopener\">Mehr lesen<\/a><\/p>\n<h2>***********************************<strong>2014*********************************************************<\/strong><\/h2>\n<p><a href=\"http:\/\/mkstein.de\/wp\/wp-content\/uploads\/2012\/07\/TLN-Kopie.jpg\"><img decoding=\"async\" loading=\"lazy\" class=\"size-full wp-image-102 alignleft\" title=\"TLN - Kopie\" src=\"http:\/\/mkstein.de\/wp\/wp-content\/uploads\/2012\/07\/TLN-Kopie.jpg\" alt=\"\" width=\"154\" height=\"232\"><\/a><\/p>\n<p><strong>Wer ein Mal l\u00fcgt, dem glaubt man nicht &#8211; oder gibt man ihm doch noch eine Chance?<\/strong><\/p>\n<p>Zw\u00f6lf Jahre lang waren sie die besten Freunde. Haben alles miteinander geteilt, sogar gemeinsam Tagebuch geschrieben. Doch pl\u00f6tzlich will Tim nichts mehr davon wissen und l\u00e4sst Sophia einfach h\u00e4ngen. Tief entt\u00e4uscht beginnt sie mit Leron zu chatten, der sie so viel besser zu verstehen scheint. Aber kann einem Online-Flirt echte Liebe werden? Au\u00dferdem fehlt ihr Tim mehr, als Sophia zugeben will \u2026 <a href=\"https:\/\/www.dropbox.com\/s\/li8ss6qh27vit9r\/Tageb%C3%BCcherL%C3%BCgenNicht_Auszug_MaikeStein.pdf?dl=0\"><strong>LESEPROBE<\/strong><\/a><\/p>\n<p><a href=\"http:\/\/mkstein.de\/wp\/wp-content\/uploads\/2012\/07\/DOSOB1.jpg\"><img decoding=\"async\" loading=\"lazy\" class=\"alignleft wp-image-98 size-medium\" title=\"DOSOB\" src=\"http:\/\/mkstein.de\/wp\/wp-content\/uploads\/2012\/07\/DOSOB1-211x300.jpg\" alt=\"\" width=\"211\" height=\"300\" srcset=\"https:\/\/mkstein.de\/wp\/wp-content\/uploads\/2012\/07\/DOSOB1-211x300.jpg 211w, https:\/\/mkstein.de\/wp\/wp-content\/uploads\/2012\/07\/DOSOB1.jpg 505w\" sizes=\"(max-width: 211px) 100vw, 211px\" \/><\/a><strong>Wie entscheidest du dich, wenn dein Zwilling nur durch deinen Tod weiterleben kann?<\/strong><\/p>\n<p>Wasser hat den Zwillingen Lena und Zoe nie Angst gemacht. Und doch \u2013 hier auf Sankt Katharinen, der Internatsinsel im Werrowsee, jagt ihnen der Anblick des Wassers immer wieder eine G\u00e4nsehaut \u00fcber den R\u00fccken. Denn schon bevor sie an der Schule aufgenommen wurden, kannten sie den See und seine unheimliche Atmosph\u00e4re aus ihren Tr\u00e4umen. Bilden sie sich das ein? Genauso wie die Parallelen zwischen der Prophezeiung der sagenumwobenen Wei\u00dfen Frau und ihrer eigenen Familiengeschichte? W\u00e4hrend Zoe sich immer mehr in den Deutungen der alten \u00dcberlieferung verliert, sucht Lena nach rationalen Gr\u00fcnden f\u00fcr all die seltsamen Ereignisse \u2013 und ger\u00e4t bald in Erkl\u00e4rungsnot. <a href=\"http:\/\/www.magellanverlag.de\/inhalt\/leseproben\/duodersie\/\" target=\"_blank\" rel=\"noopener\"><strong>LESEPROBE<\/strong><\/a><\/p>\n<p><strong>K\u00f6lner Stadtanzeiger<\/strong>, 09.12.2014: &#8230;&#8220;Maike Stein erz\u00e4hlt eine bis zur letzten Seite rasante Geschichte.&#8220;<\/p>\n<p><strong>kidsbestbooks\/Christa Robbers<\/strong>, 12.10.2015: &#8222;Wie kann ein Fluch beseitigt werden? Vielleicht mit Mut, Verst\u00e4ndnis und Freundschaft!&#8220; <a href=\"http:\/\/www.kidsbestbooks.com\/buch\/du-oder-sie-oder-beide\/\" target=\"_blank\" rel=\"noopener\">Mehr lesen<\/a><\/p>\n<p><strong>Buchstabenf\u00e4ngerin<\/strong>, 12.12.2014: &#8230; &#8222;\u201cDu oder sie oder beide\u201d ist eine beeindruckende Mischung aus Mystery, Gruselgeschichte, historischer Erz\u00e4hlung und einer einf\u00fchlsamen Beschreibung von Freundschaft und erster Liebe.&#8220; &#8230; <a href=\"http:\/\/wasliestdu.de\/rezension\/jugendroman-mit-grusel-garantie\" target=\"_blank\" rel=\"noopener\">Mehr lesen<\/a><\/p>\n<h2>******************************************2012**************************************************<\/h2>\n<p><a href=\"http:\/\/mkstein.de\/wp\/wp-content\/uploads\/2012\/07\/Cover3HfA.jpg\"><img decoding=\"async\" loading=\"lazy\" class=\"size-medium wp-image-50 alignleft\" title=\"Cover3HfA\" src=\"http:\/\/mkstein.de\/wp\/wp-content\/uploads\/2012\/07\/Cover3HfA-199x300.jpg\" alt=\"\" width=\"199\" height=\"300\" srcset=\"https:\/\/mkstein.de\/wp\/wp-content\/uploads\/2012\/07\/Cover3HfA-199x300.jpg 199w, https:\/\/mkstein.de\/wp\/wp-content\/uploads\/2012\/07\/Cover3HfA.jpg 589w\" sizes=\"(max-width: 199px) 100vw, 199px\" \/><\/a><\/p>\n<p><strong>Wenn der Prinz das R\u00e4tsel um sie nicht l\u00f6sen kann, dann will Aschenbr\u00f6del auch nichts von ihm wissen &#8230;<\/strong><\/p>\n<p>Der M\u00e4rchenroman zum beliebten M\u00e4rchenfilm! Aschenbr\u00f6del, unterdr\u00fcckt von Stiefmutter und -schwester, begegnet im Wald dem Prinzen, liefert sich mit ihm eine Schneeballschlacht und erobert sein Herz. Doch kann sie als einfache Magd wirklich mit ihm zusammenfinden? Mit Hilfe von drei verzauberten Haseln\u00fcssen begegnet sie ihm wieder, besiegt ihn beim Wettschie\u00dfen auf der Jagd, bezaubert ihn als unbekannte Sch\u00f6nheit auf dem Ball und fordert ihn mit einem R\u00e4tsel heraus, sie in ihrem wahren Wesen zu erkennen. Kann der Prinz erraten, wem er da immer wieder begegnet ist?<\/p>\n<p><strong>Auch als <a href=\"http:\/\/www.jumboverlag.de\/Verlag\/0\/Drei-Haselnuesse-fuer-Aschenbroedel\/a_1973.html\" target=\"_blank\" rel=\"noopener\">H\u00f6rbuch <\/a>mit Katharina Thalbach!<\/strong><\/p>\n<p><strong>*****************************************************************2007****************************<\/strong><\/p>\n<p>Herausgeberin f\u00fcr die Anthologie des &#8222;Autorinnenforum Berlin &#8211; Rheinsberg&#8220;<\/p>\n<p><a href=\"http:\/\/mkstein.de\/wp\/wp-content\/uploads\/2022\/01\/D\u00fcnn-ist-die-Decke-der-Zivilisation_-Begegnungen-zwischen-Schrift.png\"><img decoding=\"async\" loading=\"lazy\" class=\"alignleft size-full wp-image-974\" src=\"http:\/\/mkstein.de\/wp\/wp-content\/uploads\/2022\/01\/D\u00fcnn-ist-die-Decke-der-Zivilisation_-Begegnungen-zwischen-Schrift.png\" alt=\"\" width=\"305\" height=\"466\" srcset=\"https:\/\/mkstein.de\/wp\/wp-content\/uploads\/2022\/01\/D\u00fcnn-ist-die-Decke-der-Zivilisation_-Begegnungen-zwischen-Schrift.png 305w, https:\/\/mkstein.de\/wp\/wp-content\/uploads\/2022\/01\/D\u00fcnn-ist-die-Decke-der-Zivilisation_-Begegnungen-zwischen-Schrift-196x300.png 196w\" sizes=\"(max-width: 305px) 100vw, 305px\" \/><\/a><\/p>\n<p>Schriftstellerinnen schreiben \u00fcber Schriftstellerinnen.<\/p>\n<p>Mit Beitr\u00e4gen von: Marlene Streeruwitz, Monika Walther, Cornelia Saxe, Lisa-Marie Dickreiter, Ursula Wartmann, Claudia Breitsprecher, Ingrid Gorr, u.v.a.<\/p>\n<p>erschienen im Ulrike Helmer Verlag<\/p>\n<p><strong>******************************************************************2004*************************<\/strong><\/p>\n<p>Beitrag in der Anthologie &#8222;Bisse und K\u00fcsse 3&#8220; (Hersg. Lisa Kuppler)<\/p>\n<p><a href=\"http:\/\/mkstein.de\/wp\/wp-content\/uploads\/2022\/01\/Bisse-und-K\u00fcsse-3-by-Lisa-Kuppler.png\"><img decoding=\"async\" loading=\"lazy\" class=\"alignleft size-full wp-image-972\" src=\"http:\/\/mkstein.de\/wp\/wp-content\/uploads\/2022\/01\/Bisse-und-K\u00fcsse-3-by-Lisa-Kuppler.png\" alt=\"\" width=\"249\" height=\"382\" srcset=\"https:\/\/mkstein.de\/wp\/wp-content\/uploads\/2022\/01\/Bisse-und-K\u00fcsse-3-by-Lisa-Kuppler.png 249w, https:\/\/mkstein.de\/wp\/wp-content\/uploads\/2022\/01\/Bisse-und-K\u00fcsse-3-by-Lisa-Kuppler-196x300.png 196w\" sizes=\"(max-width: 249px) 100vw, 249px\" \/><\/a>erschienen im Querverlag<\/p>\n","protected":false},"excerpt":{"rendered":"<p>B\u00fccher kaufen ist nat\u00fcrlich am sch\u00f6nsten im Lieblingsbuchladen. In Berlin sind meine: Prinz Eisenherz, Buchkantine, Otherland. Aber manchmal muss ja auch unbedingt ein Buch her, wenn alle Buchl\u00e4den geschlossen haben und dann geht es doch zum Online-Shopping &#8230; entweder bei den schon genannten Buchl\u00e4den oder bei: Autorenwelt und fembooks. Eine weitere sch\u00f6ne Alternative in Buchl\u00e4den &hellip; <\/p>\n<p class=\"link-more\"><a href=\"https:\/\/mkstein.de\/wp\/?page_id=10\" class=\"more-link\">Mehr <span class=\"screen-reader-text\">\u00fcber &#8222;B\u00fccher&#8220; <\/span>Lesen<\/a><\/p>\n","protected":false},"author":2,"featured_media":596,"parent":0,"menu_order":1,"comment_status":"open","ping_status":"open","template":"","meta":[],"_links":{"self":[{"href":"https:\/\/mkstein.de\/wp\/index.php?rest_route=\/wp\/v2\/pages\/10"}],"collection":[{"href":"https:\/\/mkstein.de\/wp\/index.php?rest_route=\/wp\/v2\/pages"}],"about":[{"href":"https:\/\/mkstein.de\/wp\/index.php?rest_route=\/wp\/v2\/types\/page"}],"author":[{"embeddable":true,"href":"https:\/\/mkstein.de\/wp\/index.php?rest_route=\/wp\/v2\/users\/2"}],"replies":[{"embeddable":true,"href":"https:\/\/mkstein.de\/wp\/index.php?rest_route=%2Fwp%2Fv2%2Fcomments&post=10"}],"version-history":[{"count":59,"href":"https:\/\/mkstein.de\/wp\/index.php?rest_route=\/wp\/v2\/pages\/10\/revisions"}],"predecessor-version":[{"id":1230,"href":"https:\/\/mkstein.de\/wp\/index.php?rest_route=\/wp\/v2\/pages\/10\/revisions\/1230"}],"wp:featuredmedia":[{"embeddable":true,"href":"https:\/\/mkstein.de\/wp\/index.php?rest_route=\/wp\/v2\/media\/596"}],"wp:attachment":[{"href":"https:\/\/mkstein.de\/wp\/index.php?rest_route=%2Fwp%2Fv2%2Fmedia&parent=10"}],"curies":[{"name":"wp","href":"https:\/\/api.w.org\/{rel}","templated":true}]}}